{"id":15816,"date":"2024-01-17T18:21:29","date_gmt":"2024-01-17T16:21:29","guid":{"rendered":"https:\/\/huskysgroup.com\/property\/edifici-barcelona-barbera-del-valles\/"},"modified":"2024-01-17T18:26:27","modified_gmt":"2024-01-17T16:26:27","slug":"edifici-barcelona-barbera-del-valles","status":"publish","type":"property","link":"https:\/\/huskysgroup.com\/es\/propiedad\/edifici-barcelona-barbera-del-valles\/","title":{"rendered":"Edifici Barcelona (BARBER\u00c0 DEL VALL\u00c8S)"},"content":{"rendered":"<p>Edifici Barcelona es un inmueble plurifamiliar en forma de L compuesto por 41 viviendas, 2 locales comerciales y aparcamiento. La parte de la finca ubicada en carretera Barcelona tiene una planta baja y 4 plantas piso. Mientras que la parte de calle Pere Santfeliu est\u00e1 formada por una planta baja y 2 plantas piso. Conjunto Residencial Aparcamiento y preinstalaci\u00f3n carga de veh\u00edculos el\u00e9ctricos La promoci\u00f3n tambi\u00e9n dispone de una planta subterr\u00e1nea para trasteros y aparcamientos con preinstalaci\u00f3n de carga para veh\u00edculos el\u00e9ctricos. Una ubicaci\u00f3n ideal cerca de todos los servicios y con buenas conexiones en transporte p\u00fablico y privado.<\/p>\n<p>Las viviendas que componen el Edifici Barcelona han sido creadas para encontrar el equilibrio perfecto entre funcionalidad y dise\u00f1o. Desde el moderno sistema de climatizaci\u00f3n hasta las cuidadas l\u00edneas est\u00e9ticas de los ba\u00f1os est\u00e1n destinados a elevar el confort de todas las estancias. Interior de la vivienda Adem\u00e1s, esta promoci\u00f3n dispone de cocinas equipadas con placa de inducci\u00f3n, horno y microondas. Edifici Barcelona ofrece una cuidada distribuci\u00f3n que hace que cada estancia de la vivienda est\u00e9 aprovechada al m\u00e1ximo.<\/p>\n","protected":false},"excerpt":{"rendered":"<p>Edifici Barcelona es un inmueble plurifamiliar en forma de L compuesto por 41 viviendas, 2 locales comerciales y aparcamiento. La parte de la finca ubicada en carretera Barcelona tiene una planta baja y 4 plantas piso. Mientras que la parte de calle Pere Santfeliu est\u00e1 formada por una planta baja y 2 plantas piso. Conjunto [&hellip;]<\/p>\n","protected":false},"author":3,"featured_media":15790,"parent":0,"menu_order":0,"template":"","property_type":[],"property_status":[],"property_feature":[],"property_label":[334],"property_city":[],"property_area":[128,120],"property_meta":{"_wpml_word_count":["{\"total\":0,\"to_translate\":{\"en\":188,\"ru\":188,\"es\":188}}"],"_wpml_media_duplicate":["1"],"_wpml_media_featured":["1"],"houzez_geolocation_lat":["41.5148936"],"houzez_geolocation_long":["2.1259826"],"fave_property_location":["41.5148936,2.1259826,15"],"_top_nav_excluded":[""],"_cms_nav_minihome":[""],"additional_features":["a:2:{i:0;a:1:{s:29:\"fave_additional_feature_title\";s:6:\"Garaje\";}i:1;a:1:{s:29:\"fave_additional_feature_title\";s:8:\"Trastero\";}}"],"floor_plans":["a:2:{i:0;a:2:{s:15:\"fave_plan_title\";s:22:\"Plano de construcci\u00f3n\";s:15:\"fave_plan_image\";s:144:\"https:\/\/huskysgroup.com\/wp-content\/uploads\/plano-kvartira-dom-barselona-elitnoe-zhilyo-flat-barcelona-piso-en-barcelona-barbera-del-valles_1.jpg\";}i:1;a:2:{s:15:\"fave_plan_title\";s:24:\"Plano de construcci\u00f3n 2\";s:15:\"fave_plan_image\";s:144:\"https:\/\/huskysgroup.com\/wp-content\/uploads\/plano-kvartira-dom-barselona-elitnoe-zhilyo-flat-barcelona-piso-en-barcelona-barbera-del-valles_2.jpg\";}}"],"_yoast_wpseo_metadesc":["Edifici Barcelona es un inmueble plurifamiliar en forma de L compuesto por 41 viviendas, 2 locales comerciales y aparcamiento. La parte de la finca ubicada en carretera Barcelona tiene una planta baja y 4 plantas piso. Mientras que la parte de calle Pere Santfeliu est\u00e1 formada por una planta baja y 2 plantas piso. Conjunto Residencial Aparcamiento y preinstalaci\u00f3n carga de veh\u00edculos el\u00e9ctricos La promoci\u00f3n tambi\u00e9n dispone de una planta subterr\u00e1nea para trasteros y aparcamientos con preinstalaci\u00f3n de carga para veh\u00edculos el\u00e9ctricos. Una ubicaci\u00f3n ideal cerca de todos los servicios y con buenas conexiones en transporte p\u00fablico y privado."],"_yoast_wpseo_focuskw":["Edifici_Barcelona_BARBER\u00c0_DEL_VALL\u00c8S"],"_thumbnail_id":["15790"],"_edit_lock":["1705508651:3"],"_edit_last":["3"],"_yoast_wpseo_linkdex":["35"],"_yoast_wpseo_content_score":["60"],"_yoast_wpseo_focuskeywords":["[]"],"_yoast_wpseo_keywordsynonyms":["[\"\"]"],"_yoast_wpseo_estimated-reading-time-minutes":[""],"fave_property_price_prefix":["From"],"fave_property_images":["15788","15794","15791","15797","15800","15803","15806"],"_wpml_media_has_media":["1"],"fave_property_price":["175000"],"fave_property_price_postfix":["To 261.000"],"fave_property_size":["89"],"fave_property_size_prefix":["m2"],"fave_property_bedrooms":["3"],"fave_property_bathrooms":["2"],"fave_property_year":["2023"],"fave_property_zip":["08210"],"fave_featured":["0"],"fave_agent_display_option":["author_info"],"fave_property_map_address":["Carrer de Pere Sanfeliu, Barri Antic, Barber\u00e0 del Vall\u00e8s, Vall\u00e8s Occidental, Barcelona, Catalunya, 08210, Espa\u00f1a"],"fave_property_address":["c\/Pere Sanfeliu, 32"],"fave_property_map":["1"],"fave_property_map_street_view":["hide"],"fave_agents":["-1"],"fave_property_agency":["-1"],"fave_single_top_area":["global"],"fave_single_content_area":["global"],"fave_loggedintoview":["0"],"fave_prop_homeslider":["no"],"fave_balcony":["6 m2"],"_last_translation_edit_mode":["native-editor"],"houzez_total_property_views":["2740"],"houzez_views_by_date":["a:61:{s:10:\"02-25-2026\";i:8;s:10:\"02-26-2026\";i:4;s:10:\"02-27-2026\";i:4;s:10:\"02-28-2026\";i:4;s:10:\"03-01-2026\";i:6;s:10:\"03-02-2026\";i:4;s:10:\"03-03-2026\";i:4;s:10:\"03-04-2026\";i:8;s:10:\"03-05-2026\";i:7;s:10:\"03-06-2026\";i:4;s:10:\"03-07-2026\";i:4;s:10:\"03-08-2026\";i:5;s:10:\"03-09-2026\";i:4;s:10:\"03-10-2026\";i:6;s:10:\"03-11-2026\";i:4;s:10:\"03-12-2026\";i:4;s:10:\"03-13-2026\";i:5;s:10:\"03-14-2026\";i:6;s:10:\"03-15-2026\";i:5;s:10:\"03-16-2026\";i:5;s:10:\"03-17-2026\";i:6;s:10:\"03-18-2026\";i:5;s:10:\"03-19-2026\";i:4;s:10:\"03-20-2026\";i:5;s:10:\"03-21-2026\";i:9;s:10:\"03-22-2026\";i:5;s:10:\"03-23-2026\";i:6;s:10:\"03-24-2026\";i:6;s:10:\"03-25-2026\";i:4;s:10:\"03-26-2026\";i:4;s:10:\"03-27-2026\";i:6;s:10:\"03-28-2026\";i:8;s:10:\"03-29-2026\";i:5;s:10:\"03-30-2026\";i:6;s:10:\"03-31-2026\";i:5;s:10:\"04-01-2026\";i:9;s:10:\"04-02-2026\";i:6;s:10:\"04-03-2026\";i:6;s:10:\"04-04-2026\";i:5;s:10:\"04-05-2026\";i:4;s:10:\"04-06-2026\";i:4;s:10:\"04-07-2026\";i:4;s:10:\"04-08-2026\";i:1;s:10:\"04-12-2026\";i:1;s:10:\"04-13-2026\";i:13;s:10:\"04-14-2026\";i:4;s:10:\"04-15-2026\";i:8;s:10:\"04-16-2026\";i:4;s:10:\"04-17-2026\";i:4;s:10:\"04-18-2026\";i:6;s:10:\"04-19-2026\";i:5;s:10:\"04-20-2026\";i:8;s:10:\"04-21-2026\";i:5;s:10:\"04-22-2026\";i:4;s:10:\"04-23-2026\";i:8;s:10:\"04-24-2026\";i:6;s:10:\"04-25-2026\";i:1;s:10:\"04-26-2026\";i:2;s:10:\"04-27-2026\";i:5;s:10:\"04-28-2026\";i:5;s:10:\"04-29-2026\";i:3;}"],"houzez_recently_viewed":["2026-04-29 04:58:46"]},"yoast_head":"<!-- This site is optimized with the Yoast SEO Premium plugin v16.0.2 - https:\/\/yoast.com\/wordpress\/plugins\/seo\/ -->\n<title>Edifici Barcelona (BARBER\u00c0 DEL VALL\u00c8S) | Husky&#039;s Group<\/title>\n<meta name=\"description\" content=\"Edifici Barcelona es un inmueble plurifamiliar en forma de L compuesto por 41 viviendas, 2 locales comerciales y aparcamiento. La parte de la finca ubicada en carretera Barcelona tiene una planta baja y 4 plantas piso. Mientras que la parte de calle Pere Santfeliu est\u00e1 formada por una planta baja y 2 plantas piso. Conjunto Residencial Aparcamiento y preinstalaci\u00f3n carga de veh\u00edculos el\u00e9ctricos La promoci\u00f3n tambi\u00e9n dispone de una planta subterr\u00e1nea para trasteros y aparcamientos con preinstalaci\u00f3n de carga para veh\u00edculos el\u00e9ctricos. Una ubicaci\u00f3n ideal cerca de todos los servicios y con buenas conexiones en transporte p\u00fablico y privado.\" \/>\n<meta name=\"robots\" content=\"index, follow, max-snippet:-1, max-image-preview:large, max-video-preview:-1\" \/>\n<link rel=\"canonical\" href=\"https:\/\/huskysgroup.com\/es\/propiedad\/edifici-barcelona-barbera-del-valles\/\" \/>\n<meta property=\"og:locale\" content=\"es_ES\" \/>\n<meta property=\"og:type\" content=\"article\" \/>\n<meta property=\"og:title\" content=\"Edifici Barcelona (BARBER\u00c0 DEL VALL\u00c8S) | Husky&#039;s Group\" \/>\n<meta property=\"og:description\" content=\"Edifici Barcelona es un inmueble plurifamiliar en forma de L compuesto por 41 viviendas, 2 locales comerciales y aparcamiento. La parte de la finca ubicada en carretera Barcelona tiene una planta baja y 4 plantas piso. Mientras que la parte de calle Pere Santfeliu est\u00e1 formada por una planta baja y 2 plantas piso. Conjunto Residencial Aparcamiento y preinstalaci\u00f3n carga de veh\u00edculos el\u00e9ctricos La promoci\u00f3n tambi\u00e9n dispone de una planta subterr\u00e1nea para trasteros y aparcamientos con preinstalaci\u00f3n de carga para veh\u00edculos el\u00e9ctricos. Una ubicaci\u00f3n ideal cerca de todos los servicios y con buenas conexiones en transporte p\u00fablico y privado.\" \/>\n<meta property=\"og:url\" content=\"https:\/\/huskysgroup.com\/es\/propiedad\/edifici-barcelona-barbera-del-valles\/\" \/>\n<meta property=\"og:site_name\" content=\"Husky&#039;s Group\" \/>\n<meta property=\"article:modified_time\" content=\"2024-01-17T16:26:27+00:00\" \/>\n<meta property=\"og:image\" content=\"https:\/\/huskysgroup.com\/wp-content\/uploads\/kvartira-dom-barselona-elitnoe-zhilyo-flat-barcelona-piso-en-barcelona-barbera-del-valles_7.jpg\" \/>\n\t<meta property=\"og:image:width\" content=\"1440\" \/>\n\t<meta property=\"og:image:height\" content=\"689\" \/>\n<meta name=\"twitter:card\" content=\"summary_large_image\" \/>\n<meta name=\"twitter:label1\" content=\"Tiempo de lectura\">\n\t<meta name=\"twitter:data1\" content=\"1 minuto\">\n<script type=\"application\/ld+json\" class=\"yoast-schema-graph\">{\"@context\":\"https:\/\/schema.org\",\"@graph\":[{\"@type\":\"Organization\",\"@id\":\"https:\/\/huskysgroup.com\/#organization\",\"name\":\"Husky's Group\",\"url\":\"https:\/\/huskysgroup.com\/\",\"sameAs\":[],\"logo\":{\"@type\":\"ImageObject\",\"@id\":\"https:\/\/huskysgroup.com\/#logo\",\"inLanguage\":\"es\",\"url\":\"https:\/\/huskysgroup.com\/wp-content\/uploads\/2021\/02\/huskys-logo-2.jpg\",\"width\":492,\"height\":328,\"caption\":\"Husky's Group\"},\"image\":{\"@id\":\"https:\/\/huskysgroup.com\/#logo\"}},{\"@type\":\"WebSite\",\"@id\":\"https:\/\/huskysgroup.com\/#website\",\"url\":\"https:\/\/huskysgroup.com\/\",\"name\":\"Husky&#039;s Group\",\"description\":\"All New Construction Promotions in Barcelona\",\"publisher\":{\"@id\":\"https:\/\/huskysgroup.com\/#organization\"},\"potentialAction\":[{\"@type\":\"SearchAction\",\"target\":\"https:\/\/huskysgroup.com\/?s={search_term_string}\",\"query-input\":\"required name=search_term_string\"}],\"inLanguage\":\"es\"},{\"@type\":\"ImageObject\",\"@id\":\"https:\/\/huskysgroup.com\/es\/propiedad\/edifici-barcelona-barbera-del-valles\/#primaryimage\",\"inLanguage\":\"es\",\"url\":\"https:\/\/huskysgroup.com\/wp-content\/uploads\/kvartira-dom-barselona-elitnoe-zhilyo-flat-barcelona-piso-en-barcelona-barbera-del-valles_7.jpg\",\"width\":1440,\"height\":689},{\"@type\":\"WebPage\",\"@id\":\"https:\/\/huskysgroup.com\/es\/propiedad\/edifici-barcelona-barbera-del-valles\/#webpage\",\"url\":\"https:\/\/huskysgroup.com\/es\/propiedad\/edifici-barcelona-barbera-del-valles\/\",\"name\":\"Edifici Barcelona (BARBER\\u00c0 DEL VALL\\u00c8S) | Husky&#039;s Group\",\"isPartOf\":{\"@id\":\"https:\/\/huskysgroup.com\/#website\"},\"primaryImageOfPage\":{\"@id\":\"https:\/\/huskysgroup.com\/es\/propiedad\/edifici-barcelona-barbera-del-valles\/#primaryimage\"},\"datePublished\":\"2024-01-17T16:21:29+00:00\",\"dateModified\":\"2024-01-17T16:26:27+00:00\",\"description\":\"Edifici Barcelona es un inmueble plurifamiliar en forma de L compuesto por 41 viviendas, 2 locales comerciales y aparcamiento. La parte de la finca ubicada en carretera Barcelona tiene una planta baja y 4 plantas piso. Mientras que la parte de calle Pere Santfeliu est\\u00e1 formada por una planta baja y 2 plantas piso. Conjunto Residencial Aparcamiento y preinstalaci\\u00f3n carga de veh\\u00edculos el\\u00e9ctricos La promoci\\u00f3n tambi\\u00e9n dispone de una planta subterr\\u00e1nea para trasteros y aparcamientos con preinstalaci\\u00f3n de carga para veh\\u00edculos el\\u00e9ctricos. Una ubicaci\\u00f3n ideal cerca de todos los servicios y con buenas conexiones en transporte p\\u00fablico y privado.\",\"breadcrumb\":{\"@id\":\"https:\/\/huskysgroup.com\/es\/propiedad\/edifici-barcelona-barbera-del-valles\/#breadcrumb\"},\"inLanguage\":\"es\",\"potentialAction\":[{\"@type\":\"ReadAction\",\"target\":[\"https:\/\/huskysgroup.com\/es\/propiedad\/edifici-barcelona-barbera-del-valles\/\"]}]},{\"@type\":\"BreadcrumbList\",\"@id\":\"https:\/\/huskysgroup.com\/es\/propiedad\/edifici-barcelona-barbera-del-valles\/#breadcrumb\",\"itemListElement\":[{\"@type\":\"ListItem\",\"position\":1,\"item\":{\"@type\":\"WebPage\",\"@id\":\"https:\/\/huskysgroup.com\/en\/\",\"url\":\"https:\/\/huskysgroup.com\/en\/\",\"name\":\"Inicio\"}},{\"@type\":\"ListItem\",\"position\":2,\"item\":{\"@type\":\"WebPage\",\"@id\":\"https:\/\/huskysgroup.com\/imusestvo\/\",\"url\":\"https:\/\/huskysgroup.com\/imusestvo\/\",\"name\":\"Properties\"}},{\"@type\":\"ListItem\",\"position\":3,\"item\":{\"@type\":\"WebPage\",\"@id\":\"https:\/\/huskysgroup.com\/es\/area\/alrededores-de-barcelona\/\",\"url\":\"https:\/\/huskysgroup.com\/es\/area\/alrededores-de-barcelona\/\",\"name\":\"Alrededores de Barcelona\"}},{\"@type\":\"ListItem\",\"position\":4,\"item\":{\"@type\":\"WebPage\",\"@id\":\"https:\/\/huskysgroup.com\/es\/propiedad\/edifici-barcelona-barbera-del-valles\/\",\"url\":\"https:\/\/huskysgroup.com\/es\/propiedad\/edifici-barcelona-barbera-del-valles\/\",\"name\":\"Edifici Barcelona (BARBER\\u00c0 DEL VALL\\u00c8S)\"}}]}]}<\/script>\n<!-- \/ Yoast SEO Premium plugin. -->","_links":{"self":[{"href":"https:\/\/huskysgroup.com\/es\/wp-json\/wp\/v2\/properties\/15816"}],"collection":[{"href":"https:\/\/huskysgroup.com\/es\/wp-json\/wp\/v2\/properties"}],"about":[{"href":"https:\/\/huskysgroup.com\/es\/wp-json\/wp\/v2\/types\/property"}],"author":[{"embeddable":true,"href":"https:\/\/huskysgroup.com\/es\/wp-json\/wp\/v2\/users\/3"}],"version-history":[{"count":1,"href":"https:\/\/huskysgroup.com\/es\/wp-json\/wp\/v2\/properties\/15816\/revisions"}],"predecessor-version":[{"id":15818,"href":"https:\/\/huskysgroup.com\/es\/wp-json\/wp\/v2\/properties\/15816\/revisions\/15818"}],"wp:featuredmedia":[{"embeddable":true,"href":"https:\/\/huskysgroup.com\/es\/wp-json\/wp\/v2\/media\/15790"}],"wp:attachment":[{"href":"https:\/\/huskysgroup.com\/es\/wp-json\/wp\/v2\/media?parent=15816"}],"wp:term":[{"taxonomy":"property_type","embeddable":true,"href":"https:\/\/huskysgroup.com\/es\/wp-json\/wp\/v2\/property_type?post=15816"},{"taxonomy":"property_status","embeddable":true,"href":"https:\/\/huskysgroup.com\/es\/wp-json\/wp\/v2\/property_status?post=15816"},{"taxonomy":"property_feature","embeddable":true,"href":"https:\/\/huskysgroup.com\/es\/wp-json\/wp\/v2\/property_feature?post=15816"},{"taxonomy":"property_label","embeddable":true,"href":"https:\/\/huskysgroup.com\/es\/wp-json\/wp\/v2\/property_label?post=15816"},{"taxonomy":"property_city","embeddable":true,"href":"https:\/\/huskysgroup.com\/es\/wp-json\/wp\/v2\/property_city?post=15816"},{"taxonomy":"property_area","embeddable":true,"href":"https:\/\/huskysgroup.com\/es\/wp-json\/wp\/v2\/property_area?post=15816"}],"curies":[{"name":"wp","href":"https:\/\/api.w.org\/{rel}","templated":true}]}}